{"id":99508,"date":"2024-08-27T08:19:03","date_gmt":"2024-08-27T08:19:03","guid":{"rendered":"https:\/\/moto-oprema.com\/Artikel\/fuchs-abenteuer-verteidigen-gore-tex-hose-schwarz\/"},"modified":"2024-08-27T08:19:03","modified_gmt":"2024-08-27T08:19:03","slug":"fuchs-abenteuer-verteidigen-gore-tex-hose-schwarz","status":"publish","type":"product","link":"https:\/\/moto-oprema.com\/de\/Artikel\/fuchs-abenteuer-verteidigen-gore-tex-hose-schwarz\/","title":{"rendered":"FUCHS ABENTEUER VERTEIDIGEN GORE-TEX HOSE SCHWARZ"},"content":{"rendered":"<p>FOX Defend GORE-TEX ADV Motorrad Textiljacke<\/p>\n<p>Die Defend-Kollektion besticht durch ihr minimalistisches Design und die klare Mission, alles zu bieten, was Sie an Abenteuerausr\u00fcstung brauchen und absolut nichts, was Sie nicht brauchen.<\/p>\n<p>Die vollst\u00e4ndig nahtversiegelte Konstruktion des Hauptteils der FOX Defend GORE-TEX\u00ae 3L Adventure Pant sorgt daf\u00fcr, dass Sie trocken bleiben. Reflektierende Akzente f\u00fcr bessere Sichtbarkeit. Erh\u00f6hte Abriebfestigkeit und Haltbarkeit in stark beanspruchten Bereichen. Zwei gro\u00dfe Bel\u00fcftungs\u00f6ffnungen mit Klettverschl\u00fcssen an den Oberschenkeln f\u00fcr bessere Atmungsaktivit\u00e4t. YKK\u00ae AquaGuard\u00ae-Rei\u00dfverschl\u00fcsse. Zwei gro\u00dfe Taschen an den Oberschenkeln f\u00fcr mehr Stauraum. Verstellbare seitliche Taillenverstellriemen f\u00fcr eine individuelle Passform. Verstellbare untere Bein\u00f6ffnungen f\u00fcr alle Arten und Gr\u00f6\u00dfen von Motorradstiefeln. B\u00fcndchenschn\u00fcrung erm\u00f6glicht das S\u00e4umen der B\u00fcndchen. Vollnarbenleder bietet erh\u00f6hte Haltbarkeit und Schutz am Unterschenkel.         <\/p>\n<p>CE-zertifizierte, herausnehmbare D3O\u00ae LP2 Level 2 Knieschoner in verstellbaren Polstertaschen. CE-zertifiziert nach EN 17092-3 f\u00fcr Abriebschutz und EN 1621-1 f\u00fcr Aufprallschutz.<\/p>\n","protected":false},"excerpt":{"rendered":"<p>FOX Defend GORE-TEX ADV Motorrad Textiljacke Die Defend-Kollektion besticht durch ihr minimalistisches Design und die klare&#8230;<\/p>\n","protected":false},"featured_media":29694,"comment_status":"open","ping_status":"open","template":"","meta":{"_acf_changed":false},"brand":[2115],"gender":[],"product_brand":[],"product_cat":[1357,2189,2211],"product_tag":[],"class_list":{"0":"post-99508","1":"product","2":"type-product","3":"status-publish","4":"has-post-thumbnail","6":"brand-fox-de","7":"product_cat-ausrustung-fur-motorradfahrer","8":"product_cat-hose","9":"product_cat-textil-hose","10":"pa_size-28-de","11":"pa_size-30-de","12":"pa_size-32-de","13":"pa_size-34-de","14":"pa_size-36-de","15":"pa_size-38-de","16":"pa_size-40-de","17":"pa_size-42-de","18":"pa_size-44-de","20":"first","21":"instock","22":"sale","23":"taxable","24":"shipping-taxable","25":"purchasable","26":"product-type-variable"},"acf":[],"_links":{"self":[{"href":"https:\/\/moto-oprema.com\/de\/wp-json\/wp\/v2\/product\/99508","targetHints":{"allow":["GET"]}}],"collection":[{"href":"https:\/\/moto-oprema.com\/de\/wp-json\/wp\/v2\/product"}],"about":[{"href":"https:\/\/moto-oprema.com\/de\/wp-json\/wp\/v2\/types\/product"}],"replies":[{"embeddable":true,"href":"https:\/\/moto-oprema.com\/de\/wp-json\/wp\/v2\/comments?post=99508"}],"wp:featuredmedia":[{"embeddable":true,"href":"https:\/\/moto-oprema.com\/de\/wp-json\/wp\/v2\/media\/29694"}],"wp:attachment":[{"href":"https:\/\/moto-oprema.com\/de\/wp-json\/wp\/v2\/media?parent=99508"}],"wp:term":[{"taxonomy":"brand","embeddable":true,"href":"https:\/\/moto-oprema.com\/de\/wp-json\/wp\/v2\/brand?post=99508"},{"taxonomy":"gender","embeddable":true,"href":"https:\/\/moto-oprema.com\/de\/wp-json\/wp\/v2\/gender?post=99508"},{"taxonomy":"product_brand","embeddable":true,"href":"https:\/\/moto-oprema.com\/de\/wp-json\/wp\/v2\/product_brand?post=99508"},{"taxonomy":"product_cat","embeddable":true,"href":"https:\/\/moto-oprema.com\/de\/wp-json\/wp\/v2\/product_cat?post=99508"},{"taxonomy":"product_tag","embeddable":true,"href":"https:\/\/moto-oprema.com\/de\/wp-json\/wp\/v2\/product_tag?post=99508"}],"curies":[{"name":"wp","href":"https:\/\/api.w.org\/{rel}","templated":true}]}}