{"id":95680,"date":"2025-03-13T09:20:00","date_gmt":"2025-03-13T09:20:00","guid":{"rendered":"https:\/\/moto-oprema.com\/Artikel\/alpinestars-dusk-airflow-lederjacke-schwarz-fluo-rot\/"},"modified":"2025-03-13T09:20:00","modified_gmt":"2025-03-13T09:20:00","slug":"alpinestars-dusk-airflow-lederjacke-schwarz-fluo-rot","status":"publish","type":"product","link":"https:\/\/moto-oprema.com\/de\/Artikel\/alpinestars-dusk-airflow-lederjacke-schwarz-fluo-rot\/","title":{"rendered":"ALPINESTARS DUSK AIRFLOW LEDERJACKE SCHWARZ FLUO ROT"},"content":{"rendered":"<p>Die Dusk Airflow Leather Jacket schlie\u00dft die L\u00fccke zwischen einer Rennjacke und einer traditionellen Lederjacke. Sie ist f\u00fcr maximale Luftzirkulation konzipiert und verf\u00fcgt \u00fcber Alpinestars&#8216; Nucleon PLASMA R\u00fcstung der neuesten Generation f\u00fcr optimalen Schutz.<\/p>\n<p>Merkmale:<\/p>\n<ul>\n<li>Ausgedehnte Perforationen auf der Vorder- und R\u00fcckseite sorgen f\u00fcr maximale Luftzirkulation und hervorragende Atmungsaktivit\u00e4t.<\/li>\n<li>Die Alpinestars Nucleon PLASMA Technologie bietet eine \u00fcberragende Sto\u00dfd\u00e4mpfung, Energieableitung und verbesserten Komfort in einem Paket, das extrem atmungsaktiv ist, sich dem K\u00f6rper des Fahrers anpasst und eine hervorragende, ma\u00dfgeschneiderte Passform bietet. Diese &#8222;ma\u00dfgeschneiderte&#8220; Passform verbessert die Gesamtwirksamkeit des Schutzes, indem sie L\u00fccken, die gef\u00e4hrdete Bereiche ungesch\u00fctzt lassen k\u00f6nnten, reduziert und gleichzeitig die Bewegungsfreiheit f\u00f6rdert. <\/li>\n<\/ul>\n<p>Zusammensetzung des Rohmaterials: 76 % BIVOLE LEATHER 22 % POLYMID 2 % ELASTAN<\/p>\n","protected":false},"excerpt":{"rendered":"<p>Alpinestars Dusk Airflow Herren Lederjacke<\/p>\n","protected":false},"featured_media":95262,"comment_status":"open","ping_status":"closed","template":"","meta":{"_acf_changed":false},"brand":[2111],"gender":[2168],"product_brand":[],"product_cat":[1357,2045,2228],"product_tag":[],"class_list":{"0":"post-95680","1":"product","2":"type-product","3":"status-publish","4":"has-post-thumbnail","6":"brand-alpinestars-de","7":"gender-moski-de","8":"product_cat-ausrustung-fur-motorradfahrer","9":"product_cat-jakne-de","10":"product_cat-lederjacken","11":"pa_size-44-de","12":"pa_size-46-de","13":"pa_size-48-de","14":"pa_size-50-de","15":"pa_size-52-de","16":"pa_size-54-de","17":"pa_size-56-de","18":"pa_size-58-de","19":"pa_size-60-de","20":"pa_size-62-de","22":"first","23":"instock","24":"sale","25":"taxable","26":"shipping-taxable","27":"purchasable","28":"product-type-variable"},"acf":[],"_links":{"self":[{"href":"https:\/\/moto-oprema.com\/de\/wp-json\/wp\/v2\/product\/95680","targetHints":{"allow":["GET"]}}],"collection":[{"href":"https:\/\/moto-oprema.com\/de\/wp-json\/wp\/v2\/product"}],"about":[{"href":"https:\/\/moto-oprema.com\/de\/wp-json\/wp\/v2\/types\/product"}],"replies":[{"embeddable":true,"href":"https:\/\/moto-oprema.com\/de\/wp-json\/wp\/v2\/comments?post=95680"}],"wp:featuredmedia":[{"embeddable":true,"href":"https:\/\/moto-oprema.com\/de\/wp-json\/wp\/v2\/media\/95262"}],"wp:attachment":[{"href":"https:\/\/moto-oprema.com\/de\/wp-json\/wp\/v2\/media?parent=95680"}],"wp:term":[{"taxonomy":"brand","embeddable":true,"href":"https:\/\/moto-oprema.com\/de\/wp-json\/wp\/v2\/brand?post=95680"},{"taxonomy":"gender","embeddable":true,"href":"https:\/\/moto-oprema.com\/de\/wp-json\/wp\/v2\/gender?post=95680"},{"taxonomy":"product_brand","embeddable":true,"href":"https:\/\/moto-oprema.com\/de\/wp-json\/wp\/v2\/product_brand?post=95680"},{"taxonomy":"product_cat","embeddable":true,"href":"https:\/\/moto-oprema.com\/de\/wp-json\/wp\/v2\/product_cat?post=95680"},{"taxonomy":"product_tag","embeddable":true,"href":"https:\/\/moto-oprema.com\/de\/wp-json\/wp\/v2\/product_tag?post=95680"}],"curies":[{"name":"wp","href":"https:\/\/api.w.org\/{rel}","templated":true}]}}