{"id":95256,"date":"2025-03-12T09:26:23","date_gmt":"2025-03-12T09:26:23","guid":{"rendered":"https:\/\/moto-oprema.com\/Artikel\/alpinestars-faster-4-schuhe-schwarz-weiss\/"},"modified":"2025-03-12T09:26:23","modified_gmt":"2025-03-12T09:26:23","slug":"alpinestars-faster-4-schuhe-schwarz-weiss","status":"publish","type":"product","link":"https:\/\/moto-oprema.com\/de\/Artikel\/alpinestars-faster-4-schuhe-schwarz-weiss\/","title":{"rendered":"ALPINESTARS FASTER 4 SCHUHE SCHWARZ WEISS"},"content":{"rendered":"<p id=\"tw-target-text\" class=\"tw-data-text tw-text-large tw-ta\" dir=\"ltr\" style=\"text-align: left;\">Die Faster-4 Schuhe basieren auf jahrzehntelanger Forschungs- und Entwicklungserfahrung auf h\u00f6chstem Niveau im Motorsport und beinhalten die neuesten Innovationen in Sachen Leistung. Die nahtlose Strickkonstruktion des Schuhs sorgt f\u00fcr au\u00dfergew\u00f6hnliche Leichtigkeit und Atmungsaktivit\u00e4t und bietet gleichzeitig \u00fcberragenden Schutz innen und au\u00dfen. <\/p>\n<p dir=\"ltr\">Merkmale:<\/p>\n<ul>\n<li dir=\"ltr\">Das Haupt-Obermaterial besteht aus fortschrittlichen Mikrofasern mit nahtlosen, hitzeverschwei\u00dften Eins\u00e4tzen, die einen innovativen, leichten und technischen Stra\u00dfenlaufschuh ergeben, der Leistung, Flexibilit\u00e4t und strukturelle Integrit\u00e4t vereint.<\/li>\n<li dir=\"ltr\">3D-Mesh-Futter f\u00fcr ein hohes Ma\u00df an Atmungsaktivit\u00e4t und Leichtigkeit und rutschfestes Mikro-Wildleder an der Ferse.<\/li>\n<li dir=\"ltr\">Ein zus\u00e4tzlicher R\u00fcckenbeugepunkt aus weichen Mikrofasern verbessert die R\u00fcckenbeugung und den R\u00fcckenschutz und sorgt f\u00fcr eine bessere Struktur und mehr Fahrkomfort.<\/li>\n<li dir=\"ltr\">Das mediale Viertel mit einem speziellen nahtlosen Abschnitt in Kombination mit einem weichen TPU-Fach bietet zus\u00e4tzliche Struktur und Komfort.<\/li>\n<li dir=\"ltr\">Weiche R\u00fcckfu\u00dfkonstruktion aus Textil f\u00fcr erh\u00f6hten Komfort und verbesserte R\u00fcckenw\u00f6lbung.<\/li>\n<li dir=\"ltr\">Traditionelles Schn\u00fcrsystem f\u00fcr eine einfache, sichere und bequeme Passform.<\/li>\n<li dir=\"ltr\">Ergonomischer TPR-Gurt mit seitlich verstellbarem Befestigungssystem<\/li>\n<\/ul>\n<div id=\"z6maec\" class=\"tw-ta-container tw-nfl\">\n<p id=\"tw-target-rmn\" class=\"tw-data-placeholder tw-text-small tw-ta\" dir=\"ltr\" style=\"text-align: left;\">\n<\/div>\n","protected":false},"excerpt":{"rendered":"<p>Farbe: Schwarz-Fluo Gelb<\/p>\n","protected":false},"featured_media":95263,"comment_status":"open","ping_status":"closed","template":"","meta":{"_acf_changed":false},"brand":[2111],"gender":[2168],"product_brand":[],"product_cat":[1357,2043,2044],"product_tag":[],"class_list":{"0":"post-95256","1":"product","2":"type-product","3":"status-publish","4":"has-post-thumbnail","6":"brand-alpinestars-de","7":"gender-moski-de","8":"product_cat-ausrustung-fur-motorradfahrer","9":"product_cat-schuhe","10":"product_cat-urbanes-schuhwerk","11":"pa_velikost-skornji-38-de","12":"pa_velikost-skornji-38-5-de","13":"pa_velikost-skornji-39-de","14":"pa_velikost-skornji-40-de","15":"pa_velikost-skornji-40-5-de","16":"pa_velikost-skornji-41-de","17":"pa_velikost-skornji-42-de","18":"pa_velikost-skornji-42-5-de","19":"pa_velikost-skornji-43-de","20":"pa_velikost-skornji-43-5-de","21":"pa_velikost-skornji-44-de","22":"pa_velikost-skornji-45-de","23":"pa_velikost-skornji-45-5-de","24":"pa_velikost-skornji-46-de","25":"pa_velikost-skornji-47-de","27":"first","28":"instock","29":"sale","30":"taxable","31":"shipping-taxable","32":"purchasable","33":"product-type-variable"},"acf":[],"_links":{"self":[{"href":"https:\/\/moto-oprema.com\/de\/wp-json\/wp\/v2\/product\/95256","targetHints":{"allow":["GET"]}}],"collection":[{"href":"https:\/\/moto-oprema.com\/de\/wp-json\/wp\/v2\/product"}],"about":[{"href":"https:\/\/moto-oprema.com\/de\/wp-json\/wp\/v2\/types\/product"}],"replies":[{"embeddable":true,"href":"https:\/\/moto-oprema.com\/de\/wp-json\/wp\/v2\/comments?post=95256"}],"wp:featuredmedia":[{"embeddable":true,"href":"https:\/\/moto-oprema.com\/de\/wp-json\/wp\/v2\/media\/95263"}],"wp:attachment":[{"href":"https:\/\/moto-oprema.com\/de\/wp-json\/wp\/v2\/media?parent=95256"}],"wp:term":[{"taxonomy":"brand","embeddable":true,"href":"https:\/\/moto-oprema.com\/de\/wp-json\/wp\/v2\/brand?post=95256"},{"taxonomy":"gender","embeddable":true,"href":"https:\/\/moto-oprema.com\/de\/wp-json\/wp\/v2\/gender?post=95256"},{"taxonomy":"product_brand","embeddable":true,"href":"https:\/\/moto-oprema.com\/de\/wp-json\/wp\/v2\/product_brand?post=95256"},{"taxonomy":"product_cat","embeddable":true,"href":"https:\/\/moto-oprema.com\/de\/wp-json\/wp\/v2\/product_cat?post=95256"},{"taxonomy":"product_tag","embeddable":true,"href":"https:\/\/moto-oprema.com\/de\/wp-json\/wp\/v2\/product_tag?post=95256"}],"curies":[{"name":"wp","href":"https:\/\/api.w.org\/{rel}","templated":true}]}}