{"id":126537,"date":"2021-11-19T11:16:22","date_gmt":"2021-11-19T11:16:22","guid":{"rendered":"https:\/\/moto-oprema.com\/Artikel\/dainese-avro-4-2pc-schwarz-fluo-rot-weiss\/"},"modified":"2021-11-19T11:16:22","modified_gmt":"2021-11-19T11:16:22","slug":"dainese-avro-4-2pc-schwarz-fluo-rot-weiss","status":"publish","type":"product","link":"https:\/\/moto-oprema.com\/de\/Artikel\/dainese-avro-4-2pc-schwarz-fluo-rot-weiss\/","title":{"rendered":"DAINESE AVRO 4 2PC SCHWARZ\/FLUO ROT\/WEISS"},"content":{"rendered":"<p><span style=\"font-family: arial, helvetica, sans-serif; font-size: small;\"><span id=\"result_box\" lang=\"sl\"><b>Dainese Avro 4<\/b> zweiteiliger Anzug<\/span><\/span><span style=\"font-family: arial, helvetica, sans-serif; font-size: small;\"><span lang=\"sl\"><span class=\"hps\"><b><br \/>\n<\/b><\/span><\/span><\/span><i><span style=\"font-family: arial, helvetica, sans-serif; font-size: small;\"><br \/>\n<\/span><\/i><\/p>\n<div id=\"tab-product-description\" class=\"ui-tabs-panel ui-widget-content ui-corner-bottom\">\n<div class=\"description\">Dainese Avro 4 zweiteiliger Motorradanzug aus feinem Tutu-Rindsleder, bestehend aus einer Jacke und einer Hose, die durch einen bequemen und strapazierf\u00e4higen Rei\u00dfverschluss um die gesamte Taille verbunden sind. Optimiert f\u00fcr das Fahren auf der Stra\u00dfe, geeignet f\u00fcr alle Arten von Terrain. F\u00fcr maximalen Schutz sorgen Protektoren aus Verbundmaterial an den Knien, Ellbogen und Schultern und weiche Pro-Shape 2.0-Protektoren an den H\u00fcften, die durch Innentaschen zum Einsetzen von Protektoren auf der Brust noch erweitert werden k\u00f6nnen.  <\/div>\n<div class=\"description\">Der Avro 4 ist mit abnehmbaren und austauschbaren Gleitern an den Knien und austauschbaren Aluminiumplatten an den Schultern ausgestattet: eine spezielle Dainese-Technologie, die das Gleiten im Falle eines Sturzes unterst\u00fctzt und f\u00f6rdert und so ein gef\u00e4hrliches Umkippen aufgrund der Traktion auf dem Asphalt verhindert. Der H\u00f6cker an den Schultern und im Nacken hat eine aerodynamische Funktion. F\u00fcr zus\u00e4tzlichen Komfort w\u00e4hrend der Fahrt verf\u00fcgt der zweiteilige Avro-Anzug \u00fcber 4 breite Eins\u00e4tze aus S1-Stretchgewebe an den Innenseiten der Arme, am Ges\u00e4\u00df und an der R\u00fcckseite der Beine sowie \u00fcber Microelastic 2.0-Ledereins\u00e4tze am R\u00fccken und an den Armen, die die Bewegungsfreiheit erh\u00f6hen und gleichzeitig Schutz vor dem Leder bieten, sowie \u00fcber verstellbare Bel\u00fcftungsschlitze mit Rei\u00dfverschluss an der Brust. Die Aerodynamik und Stabilit\u00e4t des Stiefels kann durch die patentierte doppelte Rei\u00dfverschlusskonstruktion an der Beinkante erh\u00f6ht werden, die den unteren Teil verbreitert und es erm\u00f6glicht, den IN-Stiefel dank des Klettverschlusses auf der Innenseite zu fixieren.<br \/>\n<i><\/i><\/div>\n<div class=\"description\"><\/div>\n<div class=\"description\">\n<ul id=\"pdp-tabs-information\" class=\"pdp-tabs\">\n<li class=\"tab\">\n<div id=\"material-and-care\" class=\"technical-specifications active\">\n<div class=\"content-material-and-care\">\n<div class=\"tabs-informations\">\n<div class=\"product-info\" style=\"border-top: 1px solid #e0dcdc;\">\n<div class=\"title-info\">\n<h3>EIGENSCHAFTEN<\/h3>\n<\/div>\n<div class=\"information-product\">\n<div class=\"row missing-icon\">\n<div class=\"col-sm-10 col-xs-9 vertical-aligned\">\n<p>2 Rei\u00dfverschl\u00fcsse an der Wade mit Boots-in-System<\/p>\n<\/div>\n<\/div>\n<div class=\"row missing-icon\">\n<div class=\"col-sm-10 col-xs-9 vertical-aligned\">\n<p>Auswechselbare Knieschleifer<\/p>\n<\/div>\n<\/div>\n<div class=\"row missing-icon\">\n<div class=\"col-sm-10 col-xs-9 vertical-aligned\">\n<p>Taschen f\u00fcr Doppelbrustprotektor<\/p>\n<\/div>\n<\/div>\n<div class=\"row missing-icon\">\n<div class=\"col-sm-10 col-xs-9 vertical-aligned\">\n<p>Reflektierende Eins\u00e4tze<\/p>\n<\/div>\n<\/div>\n<\/div>\n<\/div>\n<div class=\"product-info\">\n<div class=\"title-info\">\n<h3>ERGONOMIE<\/h3>\n<\/div>\n<div class=\"information-product\">\n<div class=\"row missing-icon\">\n<div class=\"col-sm-10 col-xs-9 vertical-aligned\">\n<p>Aerodynamischer Buckel<\/p>\n<\/div>\n<\/div>\n<div class=\"row missing-icon\">\n<div class=\"col-sm-10 col-xs-9 vertical-aligned\">\n<p>Elastische Eins\u00e4tze<\/p>\n<\/div>\n<\/div>\n<div class=\"row missing-icon\">\n<div class=\"col-sm-10 col-xs-9 vertical-aligned\">\n<p>Microelastic 2.0<\/p>\n<\/div>\n<\/div>\n<\/div>\n<\/div>\n<div class=\"product-info\">\n<div class=\"title-info\">\n<h3>ALLGEMEINE TECHNISCHE MERKMALE<\/h3>\n<\/div>\n<div class=\"information-product\">\n<div class=\"row missing-icon\">\n<div class=\"col-sm-10 col-xs-9 vertical-aligned\">\n<p>Elastischer Halsausschnitt<\/p>\n<\/div>\n<\/div>\n<\/div>\n<\/div>\n<div class=\"product-info\">\n<div class=\"title-info\">\n<h3>HAUPTMATERIALIEN<\/h3>\n<\/div>\n<div class=\"information-product\">\n<div class=\"row missing-icon\">\n<div class=\"col-sm-10 col-xs-9 vertical-aligned\">\n<p>S1 bielastischer Stoff<\/p>\n<\/div>\n<\/div>\n<div class=\"row missing-icon\">\n<div class=\"col-sm-10 col-xs-9 vertical-aligned\">\n<p>Tutu aus Rindsleder<\/p>\n<\/div>\n<\/div>\n<\/div>\n<\/div>\n<div class=\"product-info\" style=\"border-top: 1px solid #e0dcdc;\">\n<div class=\"title-info\">\n<h3>LEISTUNGSSCHOCK<\/h3>\n<\/div>\n<div class=\"information-product\">\n<div class=\"row missing-icon\">\n<div class=\"col-sm-10 col-xs-9 vertical-aligned\">\n<p>Komposit-Protektoren, zertifiziert nach der Norm EN 1621.1 an Ellbogen und Schultern<\/p>\n<\/div>\n<\/div>\n<div class=\"row missing-icon\">\n<div class=\"col-sm-10 col-xs-9 vertical-aligned\">\n<p>Verbundwerkstoff-Protektoren, zertifiziert nach EN 1621.1 Norm f\u00fcr Knie<\/p>\n<\/div>\n<\/div>\n<div class=\"row missing-icon\">\n<div class=\"col-sm-10 col-xs-9 vertical-aligned\">\n<p>Pro-Shape 2.0 : weiche Protektoren, die nach der Norm EN 1621.1 f\u00fcr die H\u00fcfte zertifiziert sind<\/p>\n<\/div>\n<\/div>\n<div class=\"row missing-icon\">\n<div class=\"col-sm-10 col-xs-9 vertical-aligned\">\n<p>Auswechselbare Aluminiumplatte an der Schulter (1876165 Kit Schulter Sport Aluminium)<\/p>\n<\/div>\n<\/div>\n<\/div>\n<\/div>\n<div class=\"product-info\">\n<div class=\"title-info\">\n<h3>TEMPERATUR<\/h3>\n<\/div>\n<div class=\"information-product\">\n<div class=\"row missing-icon\">\n<div class=\"col-sm-10 col-xs-9 vertical-aligned\">\n<p>Bel\u00fcftungs\u00f6ffnungen auf der Brust<\/p>\n<\/div>\n<\/div>\n<div class=\"row missing-icon\">\n<div class=\"col-sm-10 col-xs-9 vertical-aligned\">\n<p>Atmungsaktives Nanofeel\u00ae-Futter mit Silberionenbehandlung<\/p>\n<p>Rohstoffzusammensetzung: au\u00dfen 100% Leder<\/p>\n<\/div>\n<\/div>\n<\/div>\n<\/div>\n<\/div>\n<\/div>\n<\/div>\n<\/li>\n<\/ul>\n<\/div>\n<div class=\"description\"><\/div>\n<div class=\"description\"><\/div>\n<\/div>\n","protected":false},"excerpt":{"rendered":"<p>Dainese Avro 4 zweiteiliger Anzug Alle Gr\u00f6\u00dfen auf Lager!<\/p>\n","protected":false},"featured_media":126538,"comment_status":"open","ping_status":"closed","template":"","meta":{"_acf_changed":false},"brand":[2113],"gender":[2168],"product_brand":[],"product_cat":[2175,1357],"product_tag":[],"class_list":{"0":"post-126537","1":"product","2":"type-product","3":"status-publish","4":"has-post-thumbnail","6":"brand-dainese-de","7":"gender-moski-de","8":"product_cat-2-teilige-latzhose","9":"product_cat-ausrustung-fur-motorradfahrer","10":"pa_velikost-st-48-de","11":"pa_velikost-st-50-de","12":"pa_velikost-st-52-de","13":"pa_velikost-st-54-de","14":"pa_velikost-st-56-de","15":"pa_velikost-st-58-de","16":"pa_velikost-st-60-de","18":"first","19":"instock","20":"sale","21":"taxable","22":"shipping-taxable","23":"purchasable","24":"product-type-variable"},"acf":[],"_links":{"self":[{"href":"https:\/\/moto-oprema.com\/de\/wp-json\/wp\/v2\/product\/126537","targetHints":{"allow":["GET"]}}],"collection":[{"href":"https:\/\/moto-oprema.com\/de\/wp-json\/wp\/v2\/product"}],"about":[{"href":"https:\/\/moto-oprema.com\/de\/wp-json\/wp\/v2\/types\/product"}],"replies":[{"embeddable":true,"href":"https:\/\/moto-oprema.com\/de\/wp-json\/wp\/v2\/comments?post=126537"}],"wp:featuredmedia":[{"embeddable":true,"href":"https:\/\/moto-oprema.com\/de\/wp-json\/wp\/v2\/media\/126538"}],"wp:attachment":[{"href":"https:\/\/moto-oprema.com\/de\/wp-json\/wp\/v2\/media?parent=126537"}],"wp:term":[{"taxonomy":"brand","embeddable":true,"href":"https:\/\/moto-oprema.com\/de\/wp-json\/wp\/v2\/brand?post=126537"},{"taxonomy":"gender","embeddable":true,"href":"https:\/\/moto-oprema.com\/de\/wp-json\/wp\/v2\/gender?post=126537"},{"taxonomy":"product_brand","embeddable":true,"href":"https:\/\/moto-oprema.com\/de\/wp-json\/wp\/v2\/product_brand?post=126537"},{"taxonomy":"product_cat","embeddable":true,"href":"https:\/\/moto-oprema.com\/de\/wp-json\/wp\/v2\/product_cat?post=126537"},{"taxonomy":"product_tag","embeddable":true,"href":"https:\/\/moto-oprema.com\/de\/wp-json\/wp\/v2\/product_tag?post=126537"}],"curies":[{"name":"wp","href":"https:\/\/api.w.org\/{rel}","templated":true}]}}