{"id":123443,"date":"2022-02-16T10:57:55","date_gmt":"2022-02-16T10:57:55","guid":{"rendered":"https:\/\/moto-oprema.com\/Artikel\/dainese-sevilla-air-lady-tex-jacke-schwarz-glacier\/"},"modified":"2022-02-16T10:57:55","modified_gmt":"2022-02-16T10:57:55","slug":"dainese-sevilla-air-lady-tex-jacke-schwarz-glacier","status":"publish","type":"product","link":"https:\/\/moto-oprema.com\/de\/Artikel\/dainese-sevilla-air-lady-tex-jacke-schwarz-glacier\/","title":{"rendered":"DAINESE SEVILLA AIR LADY TEX JACKE SCHWARZ GLACIER"},"content":{"rendered":"<p>Die Sevilla Air Tex ist eine Textiljacke f\u00fcr Damen, die auch hohen Temperaturen standh\u00e4lt, ohne dabei an Komfort und Sicherheit einzub\u00fc\u00dfen. Sie ist leicht und vielseitig und besteht aus einem perforierten Mesh-Gewebe, das f\u00fcr eine direkte Luftzirkulation am K\u00f6rper sorgt und sich ideal f\u00fcr w\u00e4rmere Klimazonen eignet. Die Jacke unterst\u00fctzt die Sicherheitsstandards von Dainese mit ihren herausnehmbaren weichen Schulter- und Ellbogenpolstern mit Pro-Shape 2.0-Zertifizierung. Die Pro-Shape 2.0-Eins\u00e4tze unterst\u00fctzen die h\u00f6chsten Sicherheitsstandards von Dainese und sind zudem unauff\u00e4llig, damit Sie jederzeit maximale Bewegungsfreiheit haben. Auf dem R\u00fccken befindet sich eine Tasche zur Aufnahme des Model G R\u00fcckenprotektors, w\u00e4hrend sorgf\u00e4ltig platzierte reflektierende Eins\u00e4tze f\u00fcr optimale Sichtbarkeit auf der Stra\u00dfe sorgen. Verstellm\u00f6glichkeiten am Hals, an der H\u00fcfte und an den \u00c4rmelb\u00fcndchen sorgen f\u00fcr eine perfekt zugeschnittene Passform.     <\/p>\n<p>ERGONOMIE<\/p>\n<ul>\n<li>  Einstellung des Nackens<\/li>\n<li>  Einstellung des G\u00fcrtels<\/li>\n<li>  Einstellung des Handgelenks<\/li>\n<\/ul>\n<p>FEATURES<\/p>\n<ul>\n<li>  2 Au\u00dfentaschen<\/li>\n<li>  Reflektierende Eins\u00e4tze<\/li>\n<li>  R\u00fcckenschutztasche G1 und G2<\/li>\n<li>  Motorradsicherheitsweste mit prEN 17092 Zertifikat<\/li>\n<\/ul>\n<p>HAUPTMATERIALIEN<\/p>\n<ul>\n<li>  Eins\u00e4tze aus Mesh-Gewebe<\/li>\n<li>  QuickDry-Gewebe<\/li>\n<\/ul>\n<p>SCHUTZ<\/p>\n<ul>\n<li>  Pro-Shape 2.0: weicher Schutz, zertifiziert nach EN1621.1<\/li>\n<\/ul>\n<p>100% Polyester<\/p>\n","protected":false},"excerpt":{"rendered":"<p>Atmungsaktive Motorradjacke f\u00fcr Damen, ideal f\u00fcr die Sommersaison. Komplett mit Pro-Shape 2.0 zertifizierten weichen Schulter- und&#8230;<\/p>\n","protected":false},"featured_media":16782,"comment_status":"open","ping_status":"open","template":"","meta":{"_acf_changed":false},"brand":[2113],"gender":[2170],"product_brand":[],"product_cat":[1357,2045,2048],"product_tag":[],"class_list":{"0":"post-123443","1":"product","2":"type-product","3":"status-publish","4":"has-post-thumbnail","6":"brand-dainese-de","7":"gender-zenska-de","8":"product_cat-ausrustung-fur-motorradfahrer","9":"product_cat-jakne-de","10":"product_cat-textil-jacken","11":"pa_size-40-de","12":"pa_size-42-de","13":"pa_size-44-de","14":"pa_size-46-de","15":"pa_size-48-de","16":"pa_size-50-de","18":"first","19":"onbackorder","20":"taxable","21":"shipping-taxable","22":"purchasable","23":"product-type-variable"},"acf":[],"_links":{"self":[{"href":"https:\/\/moto-oprema.com\/de\/wp-json\/wp\/v2\/product\/123443","targetHints":{"allow":["GET"]}}],"collection":[{"href":"https:\/\/moto-oprema.com\/de\/wp-json\/wp\/v2\/product"}],"about":[{"href":"https:\/\/moto-oprema.com\/de\/wp-json\/wp\/v2\/types\/product"}],"replies":[{"embeddable":true,"href":"https:\/\/moto-oprema.com\/de\/wp-json\/wp\/v2\/comments?post=123443"}],"wp:featuredmedia":[{"embeddable":true,"href":"https:\/\/moto-oprema.com\/de\/wp-json\/wp\/v2\/media\/16782"}],"wp:attachment":[{"href":"https:\/\/moto-oprema.com\/de\/wp-json\/wp\/v2\/media?parent=123443"}],"wp:term":[{"taxonomy":"brand","embeddable":true,"href":"https:\/\/moto-oprema.com\/de\/wp-json\/wp\/v2\/brand?post=123443"},{"taxonomy":"gender","embeddable":true,"href":"https:\/\/moto-oprema.com\/de\/wp-json\/wp\/v2\/gender?post=123443"},{"taxonomy":"product_brand","embeddable":true,"href":"https:\/\/moto-oprema.com\/de\/wp-json\/wp\/v2\/product_brand?post=123443"},{"taxonomy":"product_cat","embeddable":true,"href":"https:\/\/moto-oprema.com\/de\/wp-json\/wp\/v2\/product_cat?post=123443"},{"taxonomy":"product_tag","embeddable":true,"href":"https:\/\/moto-oprema.com\/de\/wp-json\/wp\/v2\/product_tag?post=123443"}],"curies":[{"name":"wp","href":"https:\/\/api.w.org\/{rel}","templated":true}]}}