{"id":110606,"date":"2022-01-05T10:38:14","date_gmt":"2022-01-05T10:38:14","guid":{"rendered":"https:\/\/moto-oprema.com\/Artikel\/alpinestars-t-sp-5-rideknit-jacke-camo\/"},"modified":"2022-01-05T10:38:14","modified_gmt":"2022-01-05T10:38:14","slug":"alpinestars-t-sp-5-rideknit-jacke-camo","status":"publish","type":"product","link":"https:\/\/moto-oprema.com\/de\/Artikel\/alpinestars-t-sp-5-rideknit-jacke-camo\/","title":{"rendered":"ALPINESTARS T SP-5 RIDEKNIT JACKE CAMO"},"content":{"rendered":"<p>Die T-SP5 Rideknit\u00ae Jacke mit ihrer extrem strapazierf\u00e4higen und abriebfesten Polyfaserkonstruktion und dem subtil integrierten, erstklassigen Nucleon Flex Plus Schutz ist so konzipiert, dass Sie sich beim Fahren sicher und wohl f\u00fchlen.<\/p>\n<p>Eigenschaften:<\/p>\n<ul>\n<li>  Strategisch positionierte Eins\u00e4tze aus dehnbaren F\u00e4chern wurden entwickelt, um das Alpinestars Airbag-System aufzunehmen. Sie erm\u00f6glichen eine Ausdehnung, wenn der Airbag aufgeblasen ist, und bieten auch ohne das System ein hohes Ma\u00df an anatomischer Leistung und eine hervorragende Passform. <\/li>\n<li>  Hergestellt aus strapazierf\u00e4higem Polygewebe f\u00fcr Komfort, Haltbarkeit und Abriebfestigkeit.<\/li>\n<li>  Gro\u00dfes Mesh-Paneel auf der R\u00fcckseite des Kragens f\u00fcr optimale Luftzirkulation.<\/li>\n<li>  Die R\u00fcckseite der Jacke ist verl\u00e4ngert, um eine bessere Abdeckung beim Fahren zu gew\u00e4hrleisten.<\/li>\n<li>  Technologisches Gestrick im Nahtbereich f\u00fcr maximale Dehnbarkeit und zur Optimierung von Passform und Komfort.<\/li>\n<li>  Stretch-Strickeins\u00e4tze unter den Achseln, an den Innenarmen und am Torso f\u00fcr optimale Passform und Leistung.<\/li>\n<li>  Klettverschluss in der Taille und an den \u00c4rmelenden mit halbautomatischem Rei\u00dfverschluss f\u00fcr sicheren Verschluss.<\/li>\n<li>  Niedriger, sportlicher Kragen mit weichen N\u00e4hten f\u00fcr verbesserten Reiterkomfort.<\/li>\n<li>  Zwei Vordertaschen mit Rei\u00dfverschl\u00fcssen, eine wasserdichte Innentasche f\u00fcr Dokumente und zwei Innentaschen zur sicheren Aufbewahrung.<\/li>\n<li>  Vislon\u00ae-Hauptrei\u00dfverschluss mit breiten Z\u00e4hnen f\u00fcr einfache Bedienung auch mit Handschuhen.<\/li>\n<li>  Die Schlaufen erm\u00f6glichen die Befestigung an Alpinestars Motorradhosen.<\/li>\n<li>  Der gewebte Camouflage-Jacquard sorgt f\u00fcr Leichtigkeit und Flexibilit\u00e4t und verbessert den Komfort, w\u00e4hrend er der Jacke einen unverwechselbaren, einzigartigen Look verleiht.<\/li>\n<li>  Reflektierende Dekorationen.<\/li>\n<\/ul>\n<p>Spezifikationen:<\/p>\n<ul>\n<li>  Nucleon Flex Plus Level 1 Schulter- und Ellbogenpolster (EN1621-1: 2012).<\/li>\n<li>  Vorbereitet f\u00fcr Nucleon Brustprotektoren und Nucleon R\u00fcckenprotektoren (separat erh\u00e4ltlich).<\/li>\n<li>  DFS (Dynamic Friction Shield) Lite Schieber an der Schulter f\u00fcr zus\u00e4tzlichen Schutz.<\/li>\n<li>  Vorbereitet f\u00fcr das Alpinestars Tech-Air\u00ae 5 Airbagsystem (separat erh\u00e4ltlich).<\/li>\n<li>  Schutzkleidung f\u00fcr Motorr\u00e4der der Klasse A (gem\u00e4\u00df Kategorie II der prEN 17092).<\/li>\n<\/ul>\n<p>86% Polyester, 14% Baumwolle<\/p>\n","protected":false},"excerpt":{"rendered":"<p>Die T-SP5 Rideknit\u00ae Jacke mit ihrer extrem strapazierf\u00e4higen und abriebfesten Polyfaserkonstruktion und dem subtil integrierten, erstklassigen&#8230;<\/p>\n","protected":false},"featured_media":15811,"comment_status":"open","ping_status":"open","template":"","meta":{"_acf_changed":false},"brand":[2111],"gender":[],"product_brand":[],"product_cat":[1357,2045,2048],"product_tag":[],"class_list":{"0":"post-110606","1":"product","2":"type-product","3":"status-publish","4":"has-post-thumbnail","6":"brand-alpinestars-de","7":"product_cat-ausrustung-fur-motorradfahrer","8":"product_cat-jakne-de","9":"product_cat-textil-jacken","10":"pa_size-l-de","11":"pa_size-m-de","12":"pa_size-s-de","13":"pa_size-xl-de","14":"pa_size-xxl-de","16":"first","17":"onbackorder","18":"sale","19":"taxable","20":"shipping-taxable","21":"purchasable","22":"product-type-variable"},"acf":[],"_links":{"self":[{"href":"https:\/\/moto-oprema.com\/de\/wp-json\/wp\/v2\/product\/110606","targetHints":{"allow":["GET"]}}],"collection":[{"href":"https:\/\/moto-oprema.com\/de\/wp-json\/wp\/v2\/product"}],"about":[{"href":"https:\/\/moto-oprema.com\/de\/wp-json\/wp\/v2\/types\/product"}],"replies":[{"embeddable":true,"href":"https:\/\/moto-oprema.com\/de\/wp-json\/wp\/v2\/comments?post=110606"}],"wp:featuredmedia":[{"embeddable":true,"href":"https:\/\/moto-oprema.com\/de\/wp-json\/wp\/v2\/media\/15811"}],"wp:attachment":[{"href":"https:\/\/moto-oprema.com\/de\/wp-json\/wp\/v2\/media?parent=110606"}],"wp:term":[{"taxonomy":"brand","embeddable":true,"href":"https:\/\/moto-oprema.com\/de\/wp-json\/wp\/v2\/brand?post=110606"},{"taxonomy":"gender","embeddable":true,"href":"https:\/\/moto-oprema.com\/de\/wp-json\/wp\/v2\/gender?post=110606"},{"taxonomy":"product_brand","embeddable":true,"href":"https:\/\/moto-oprema.com\/de\/wp-json\/wp\/v2\/product_brand?post=110606"},{"taxonomy":"product_cat","embeddable":true,"href":"https:\/\/moto-oprema.com\/de\/wp-json\/wp\/v2\/product_cat?post=110606"},{"taxonomy":"product_tag","embeddable":true,"href":"https:\/\/moto-oprema.com\/de\/wp-json\/wp\/v2\/product_tag?post=110606"}],"curies":[{"name":"wp","href":"https:\/\/api.w.org\/{rel}","templated":true}]}}