{"id":110226,"date":"2022-01-25T11:51:23","date_gmt":"2022-01-25T11:51:23","guid":{"rendered":"https:\/\/moto-oprema.com\/Artikel\/alpinestars-halo-drystar-jacke-khaki\/"},"modified":"2022-01-25T11:51:23","modified_gmt":"2022-01-25T11:51:23","slug":"alpinestars-halo-drystar-jacke-khaki","status":"publish","type":"product","link":"https:\/\/moto-oprema.com\/de\/Artikel\/alpinestars-halo-drystar-jacke-khaki\/","title":{"rendered":"ALPINESTARS HALO DRYSTAR JACKE KHAKI"},"content":{"rendered":"<p>Die Halo Drystar\u00ae Jacke ist eine ganzj\u00e4hrige Reisejacke mit einer innovativen technischen Au\u00dfenhaut, die sich dem Wetter anpasst. Die asymmetrische Frontkonstruktion verf\u00fcgt \u00fcber einen sehr breiten Bel\u00fcftungseinsatz, der in Kombination mit dem gro\u00dfen Bel\u00fcftungseinsatz auf dem R\u00fccken f\u00fcr eine optimale Luftzirkulation sorgt. Dies kann durch abnehmbare \u00c4rmelschalen, die volle Mesh-\u00c4rmel freilegen, noch verbessert werden. Sie erm\u00f6glichen eine unvergleichliche Luftzirkulation in den w\u00e4rmsten Umgebungen und bieten gleichzeitig vollen Aufprallschutz. Diese Jacke ist Tech-Air\u00ae-kompatibel und kann das Tech-Air\u00ae 5 Airbagsystem aufnehmen, um den Oberk\u00f6rper vollst\u00e4ndig zu sch\u00fctzen.   <\/p>\n<p>Merkmale:<\/p>\n<ul>\n<li>  Vollst\u00e4ndig einziehbare, durchgehende Mesh-Bel\u00fcftungspaneele auf der Vorder- und R\u00fcckseite sorgen f\u00fcr eine effiziente Verteilung des Luftstroms, w\u00e4hrend die abnehmbaren Au\u00dfen\u00e4rmel eine Anpassung der Jacke an das Wetter erm\u00f6glichen.<\/li>\n<li>  Die verstaubare, wasserdichte und atmungsaktive Drystar\u00ae Regenjacke bietet garantierte Wasserdichtigkeit und Atmungsaktivit\u00e4t ohne \u00fcberfl\u00fcssigen Ballast, um Verstopfungen zu vermeiden. Sie kann in oder \u00fcber einer Jacke getragen werden, um eine vollst\u00e4ndige Klimakontrolle zu gew\u00e4hrleisten, und ist auch als eigenst\u00e4ndige Jacke verwendbar. Die Jacke kann in der R\u00fcckentasche oder in der integrierten Tasche verstaut werden. <\/li>\n<li>  Der Nucleon Flex Pro bietet optimalen Aufprallschutz.<\/li>\n<li>  Die Jacke ist Tech-Air\u00ae-kompatibel und kann das Tech-Air\u00ae 5 Airbagsystem f\u00fcr einen vollst\u00e4ndigen Schutz des Oberk\u00f6rpers aufnehmen. Sie hat eine spezielle Passform, die ein H\u00f6chstma\u00df an aktivem Schutz bietet.<\/li>\n<li>  Weicher Kragen f\u00fcr mehr Komfort f\u00fcr den Reiter.<\/li>\n<li>  Dehnbare Handgelenkb\u00fcndchen f\u00fcr eine optimale Passform.<\/li>\n<li>  Mehrfach verstellbare \u00c4rmel f\u00fcr eine individuelle Passform.<\/li>\n<li>  Die abnehmbaren \u00c4rmel links und rechts sind markiert, damit Sie sie leicht wieder an der Jacke befestigen k\u00f6nnen.<\/li>\n<li>  Eingrifftaschen, Ges\u00e4\u00dftasche, Vordertasche und seitliche Cargotaschen f\u00fcr den t\u00e4glichen Gebrauch.<\/li>\n<li>  Netztasche auf der R\u00fcckseite f\u00fcr eine einfache, praktische und schnelle Verwendung.<\/li>\n<li>  Dank der integrierten Tasche kann die Drystar\u00ae-Innenjacke in sich selbst gefaltet werden.<\/li>\n<li>  Herausnehmbares, sch\u00fctzendes Brustfach zur sicheren Aufbewahrung von Wertgegenst\u00e4nden.<\/li>\n<li>  PU-Schulterverst\u00e4rkung f\u00fcr zus\u00e4tzliche St\u00e4rke und Haltbarkeit.<\/li>\n<li>  Innenbund an der Au\u00dfenhaut f\u00fcr eine optimale Passform.<\/li>\n<li>  Fluoreszierende gelbe Eins\u00e4tze auf der Drystar\u00ae Innenjacke.<\/li>\n<li>  Motorradbekleidung der Klasse AA (Klasse AA mit \u00c4rmeln; Klasse A ohne \u00c4rmel).<\/li>\n<\/ul>\n<p>98% Polyester, 2% Elasthan<\/p>\n","protected":false},"excerpt":{"rendered":"<p>Die Halo Drystar\u00ae Jacke ist eine ganzj\u00e4hrige Reisejacke mit einer innovativen technischen Au\u00dfenhaut, die sich dem&#8230;<\/p>\n","protected":false},"featured_media":16585,"comment_status":"open","ping_status":"closed","template":"","meta":{"_acf_changed":false},"brand":[2111],"gender":[],"product_brand":[],"product_cat":[1357,2045,2048],"product_tag":[],"class_list":{"0":"post-110226","1":"product","2":"type-product","3":"status-publish","4":"has-post-thumbnail","6":"brand-alpinestars-de","7":"product_cat-ausrustung-fur-motorradfahrer","8":"product_cat-jakne-de","9":"product_cat-textil-jacken","10":"pa_size-l-de","11":"pa_size-m-de","12":"pa_size-s-de","13":"pa_size-xl-de","14":"pa_size-xxl-de","16":"first","17":"instock","18":"sale","19":"taxable","20":"shipping-taxable","21":"purchasable","22":"product-type-variable"},"acf":[],"_links":{"self":[{"href":"https:\/\/moto-oprema.com\/de\/wp-json\/wp\/v2\/product\/110226","targetHints":{"allow":["GET"]}}],"collection":[{"href":"https:\/\/moto-oprema.com\/de\/wp-json\/wp\/v2\/product"}],"about":[{"href":"https:\/\/moto-oprema.com\/de\/wp-json\/wp\/v2\/types\/product"}],"replies":[{"embeddable":true,"href":"https:\/\/moto-oprema.com\/de\/wp-json\/wp\/v2\/comments?post=110226"}],"wp:featuredmedia":[{"embeddable":true,"href":"https:\/\/moto-oprema.com\/de\/wp-json\/wp\/v2\/media\/16585"}],"wp:attachment":[{"href":"https:\/\/moto-oprema.com\/de\/wp-json\/wp\/v2\/media?parent=110226"}],"wp:term":[{"taxonomy":"brand","embeddable":true,"href":"https:\/\/moto-oprema.com\/de\/wp-json\/wp\/v2\/brand?post=110226"},{"taxonomy":"gender","embeddable":true,"href":"https:\/\/moto-oprema.com\/de\/wp-json\/wp\/v2\/gender?post=110226"},{"taxonomy":"product_brand","embeddable":true,"href":"https:\/\/moto-oprema.com\/de\/wp-json\/wp\/v2\/product_brand?post=110226"},{"taxonomy":"product_cat","embeddable":true,"href":"https:\/\/moto-oprema.com\/de\/wp-json\/wp\/v2\/product_cat?post=110226"},{"taxonomy":"product_tag","embeddable":true,"href":"https:\/\/moto-oprema.com\/de\/wp-json\/wp\/v2\/product_tag?post=110226"}],"curies":[{"name":"wp","href":"https:\/\/api.w.org\/{rel}","templated":true}]}}