{"id":109619,"date":"2021-12-07T09:44:19","date_gmt":"2021-12-07T09:44:19","guid":{"rendered":"https:\/\/moto-oprema.com\/Artikel\/alpinestars-rennfahrer-taktisches-trikot\/"},"modified":"2021-12-07T09:44:19","modified_gmt":"2021-12-07T09:44:19","slug":"alpinestars-rennfahrer-taktisches-trikot","status":"publish","type":"product","link":"https:\/\/moto-oprema.com\/de\/Artikel\/alpinestars-rennfahrer-taktisches-trikot\/","title":{"rendered":"ALPINESTARS RENNFAHRER TAKTISCHES TRIKOT"},"content":{"rendered":"<p>Das Trikot hat ein neues Design, das den Schrei und die Wirkung des Fahrers weiter verbessert. Es ist aus leichtem Stoff gefertigt, der Feuchtigkeit vom K\u00f6rper des Fahrers ableitet. Es ist am R\u00fccken verl\u00e4ngert.  <\/p>\n<\/p>\n<p>Merkmale:<\/p>\n<ul>\n<li>Hergestellt aus leichtem, feuchtigkeitsableitendem Poly-Gewebe<\/li>\n<li>Hinten verl\u00e4ngert<\/li>\n<li>Stretchkragen f\u00fcr mehr Udbo<\/li>\n<\/ul>\n<p>100% Polyester<\/p>\n","protected":false},"excerpt":{"rendered":"<p>Farbe: Sand &#8211; Camouflage gr\u00fcn<\/p>\n","protected":false},"featured_media":15145,"comment_status":"open","ping_status":"open","template":"","meta":{"_acf_changed":false},"brand":[2111],"gender":[],"product_brand":[],"product_cat":[2028],"product_tag":[],"class_list":{"0":"post-109619","1":"product","2":"type-product","3":"status-publish","4":"has-post-thumbnail","6":"brand-alpinestars-de","7":"product_cat-motocross-ausrustung","8":"pa_size-l-de","9":"pa_size-m-de","10":"pa_size-xl-de","11":"pa_size-xxl-de","13":"first","14":"onbackorder","15":"taxable","16":"shipping-taxable","17":"purchasable","18":"product-type-variable"},"acf":[],"_links":{"self":[{"href":"https:\/\/moto-oprema.com\/de\/wp-json\/wp\/v2\/product\/109619","targetHints":{"allow":["GET"]}}],"collection":[{"href":"https:\/\/moto-oprema.com\/de\/wp-json\/wp\/v2\/product"}],"about":[{"href":"https:\/\/moto-oprema.com\/de\/wp-json\/wp\/v2\/types\/product"}],"replies":[{"embeddable":true,"href":"https:\/\/moto-oprema.com\/de\/wp-json\/wp\/v2\/comments?post=109619"}],"wp:featuredmedia":[{"embeddable":true,"href":"https:\/\/moto-oprema.com\/de\/wp-json\/wp\/v2\/media\/15145"}],"wp:attachment":[{"href":"https:\/\/moto-oprema.com\/de\/wp-json\/wp\/v2\/media?parent=109619"}],"wp:term":[{"taxonomy":"brand","embeddable":true,"href":"https:\/\/moto-oprema.com\/de\/wp-json\/wp\/v2\/brand?post=109619"},{"taxonomy":"gender","embeddable":true,"href":"https:\/\/moto-oprema.com\/de\/wp-json\/wp\/v2\/gender?post=109619"},{"taxonomy":"product_brand","embeddable":true,"href":"https:\/\/moto-oprema.com\/de\/wp-json\/wp\/v2\/product_brand?post=109619"},{"taxonomy":"product_cat","embeddable":true,"href":"https:\/\/moto-oprema.com\/de\/wp-json\/wp\/v2\/product_cat?post=109619"},{"taxonomy":"product_tag","embeddable":true,"href":"https:\/\/moto-oprema.com\/de\/wp-json\/wp\/v2\/product_tag?post=109619"}],"curies":[{"name":"wp","href":"https:\/\/api.w.org\/{rel}","templated":true}]}}