{"id":102441,"date":"2024-01-05T10:01:08","date_gmt":"2024-01-05T10:01:08","guid":{"rendered":"https:\/\/moto-oprema.com\/Artikel\/alpinestars-zaca-wp-jakna-schwarz-rot\/"},"modified":"2024-01-05T10:01:08","modified_gmt":"2024-01-05T10:01:08","slug":"alpinestars-zaca-wp-jakna-schwarz-rot","status":"publish","type":"product","link":"https:\/\/moto-oprema.com\/de\/Artikel\/alpinestars-zaca-wp-jakna-schwarz-rot\/","title":{"rendered":"ALPINESTARS ZACA WP JAKNA SCHWARZ ROT"},"content":{"rendered":"<p>Alpinestars Zaca wasserdichte Motorradjacke aus Textil<\/p>\n<p>Die Zaca wasserabweisende Jacke ist eine Sportjacke der neuen Generation mit modernem Design, die f\u00fcr alle Wetterbedingungen geeignet ist. Hochgradig verstellbare, ergonomische Softshell-Eins\u00e4tze und eine abnehmbare Kapuze sorgen f\u00fcr Komfort und Vielseitigkeit. Die Zaca bietet Klimamanagement mit einer festen, wasserdichten Doppellagenmembran, direkten Bel\u00fcftungseins\u00e4tzen, einem herausnehmbaren Thermofutter und einer abnehmbaren Softshell-Kapuze; die Jacke kann an alle Wetterbedingungen angepasst werden und ist daher vielseitig einsetzbar. Sie besteht aus einer Textilkonstruktion mit umfangreichen elastischen Softshell-Eins\u00e4tzen, die eine optimale Kombination aus Passform, Komfort, geringem Gewicht und Bewegungsfreiheit gew\u00e4hrleisten. Die wasserabweisende Zaca Jacke verf\u00fcgt \u00fcber eine innovative Innenkonstruktion, die sich ideal zum Anbringen von Schutzeins\u00e4tzen \u00fcber dem K\u00f6rper eignet, mit leicht zug\u00e4nglichen Taschen f\u00fcr R\u00fcckenprotektoren und Brustprotektoren. Sie ist au\u00dferdem mit einer Doppeltasche ausgestattet, die sowohl normale als auch l\u00e4ngere R\u00fcckenprotektoren f\u00fcr Motorradfahrer aufnehmen kann, die mit mehr Schutz fahren m\u00f6chten. Die Jacke hat au\u00dferdem Schlaufen zur Befestigung der Hose.      <\/p>\n<p>Merkmale:<\/p>\n<p>Die Jacke ist Tech-Air\u00ae ready und kann mit Tech-Air\u00ae 5 oder Tech-Air\u00ae 3 Airbag-Systemen aufger\u00fcstet werden. Die Passform ist so konzipiert, dass der aktive Oberk\u00f6rperschutz maximiert wird. Strategisch platzierte elastische Eins\u00e4tze wurden so konzipiert, dass sie sich dem Tech-Air\u00ae Airbagsystem anpassen und sich ausdehnen, wenn sich der Airbag entfaltet.<br \/>\nDie Nucleon Flex Pro Klasse A 1 Schulter- und Ellbogenschoner bieten optimalen Schutz vor St\u00f6\u00dfen und Abrieb und sind gleichzeitig extrem flexibel f\u00fcr optimalen Komfort.<br \/>\nDie Zaca Jacke hat einen sportlichen, k\u00f6rpernahen Schnitt und vorgeformte \u00c4rmel f\u00fcr ein optimales Fahrerlebnis.<br \/>\nDer Hauptrahmen besteht aus einer Mischung aus 450D-Polyurethan und Stretch-Softshell f\u00fcr eine optimale Kombination aus Komfort, Strapazierf\u00e4higkeit und geringem Gewicht, mit einer wasserdichten 2L-Membran f\u00fcr zuverl\u00e4ssige Leistung bei nassem Wetter.<br \/>\nEin herausnehmbares Thermofutter (100 g am K\u00f6rper, 80 g an den \u00c4rmeln) und eine abnehmbare Kapuze erm\u00f6glichen die Anpassung der Jacke an das Klima.<br \/>\nBel\u00fcftungseins\u00e4tze mit Unterarmrei\u00dfverschl\u00fcssen sorgen f\u00fcr eine optimale Luftzirkulation.<br \/>\nNucleon Flex Pro R\u00fcstung an Schultern und Ellbogen (Nucleon Brust- und R\u00fcckenprotektoren sind als Zubeh\u00f6r erh\u00e4ltlich).<br \/>\nDFS Lite Schultern mit dynamischen Schulterpolstern f\u00fcr h\u00f6here Sto\u00df- und Abriebfestigkeit.<br \/>\nDer R\u00fccken der Jacke ist verl\u00e4ngert, um eine bessere Abdeckung beim Fahren zu gew\u00e4hrleisten.<br \/>\nStretch 3L Softshell-Eins\u00e4tze in den Achselh\u00f6hlen, an der Innenseite der Arme und am Schulterblatt sorgen f\u00fcr optimale Passform und Leistung.<br \/>\nNiedriger Sportkragen mit weichen N\u00e4hten f\u00fcr verbesserten Reiterkomfort.<br \/>\nZwei Rei\u00dfverschlusstaschen vorne, zwei Brusttaschen, eine wasserdichte Innentasche f\u00fcr Dokumente und zwei Innentaschen im Futter zur sicheren Aufbewahrung von Wertsachen.<br \/>\nDer Frontrei\u00dfverschluss ist strapazierf\u00e4hig und einfach zu bedienen.<br \/>\nNach europ\u00e4ischem Recht ist die Kennzeichnung eine Voraussetzung f\u00fcr die Vermarktung dieses Produkts. F\u00fcr dieses Produkt gelten die folgenden Normen:<br \/>\nMotorradbekleidung &#8211; Kategorie II prEN17092 &#8211; Klasse A<br \/>\nLevel 1 EN1621-1:2012 Alpinestars Nucleon Flex Plus Schulter- und Ellbogensch\u00fctzer <\/p>\n<p>MATERIALZUSAMMENSETZUNG:<br \/>\nMaterial: 94 % Polyester, 4 % Polyamid, 2 % Elastan; Futter: 100 % Polyester<\/p>\n","protected":false},"excerpt":{"rendered":"","protected":false},"featured_media":25597,"comment_status":"open","ping_status":"open","template":"","meta":{"_acf_changed":false},"brand":[2111],"gender":[],"product_brand":[],"product_cat":[1357,2045,2048],"product_tag":[],"class_list":{"0":"post-102441","1":"product","2":"type-product","3":"status-publish","4":"has-post-thumbnail","6":"brand-alpinestars-de","7":"product_cat-ausrustung-fur-motorradfahrer","8":"product_cat-jakne-de","9":"product_cat-textil-jacken","10":"pa_size-l-de","11":"pa_size-m-de","12":"pa_size-s-de","13":"pa_size-xl-de","14":"pa_size-xxl-de","15":"pa_size-xxxl-de","17":"first","18":"instock","19":"sale","20":"taxable","21":"shipping-taxable","22":"purchasable","23":"product-type-variable"},"acf":[],"_links":{"self":[{"href":"https:\/\/moto-oprema.com\/de\/wp-json\/wp\/v2\/product\/102441","targetHints":{"allow":["GET"]}}],"collection":[{"href":"https:\/\/moto-oprema.com\/de\/wp-json\/wp\/v2\/product"}],"about":[{"href":"https:\/\/moto-oprema.com\/de\/wp-json\/wp\/v2\/types\/product"}],"replies":[{"embeddable":true,"href":"https:\/\/moto-oprema.com\/de\/wp-json\/wp\/v2\/comments?post=102441"}],"wp:featuredmedia":[{"embeddable":true,"href":"https:\/\/moto-oprema.com\/de\/wp-json\/wp\/v2\/media\/25597"}],"wp:attachment":[{"href":"https:\/\/moto-oprema.com\/de\/wp-json\/wp\/v2\/media?parent=102441"}],"wp:term":[{"taxonomy":"brand","embeddable":true,"href":"https:\/\/moto-oprema.com\/de\/wp-json\/wp\/v2\/brand?post=102441"},{"taxonomy":"gender","embeddable":true,"href":"https:\/\/moto-oprema.com\/de\/wp-json\/wp\/v2\/gender?post=102441"},{"taxonomy":"product_brand","embeddable":true,"href":"https:\/\/moto-oprema.com\/de\/wp-json\/wp\/v2\/product_brand?post=102441"},{"taxonomy":"product_cat","embeddable":true,"href":"https:\/\/moto-oprema.com\/de\/wp-json\/wp\/v2\/product_cat?post=102441"},{"taxonomy":"product_tag","embeddable":true,"href":"https:\/\/moto-oprema.com\/de\/wp-json\/wp\/v2\/product_tag?post=102441"}],"curies":[{"name":"wp","href":"https:\/\/api.w.org\/{rel}","templated":true}]}}