{"id":101946,"date":"2023-12-13T11:50:07","date_gmt":"2023-12-13T11:50:07","guid":{"rendered":"https:\/\/moto-oprema.com\/Artikel\/dainese-corso-absoluteshell-pro-jacke-gruen\/"},"modified":"2023-12-13T11:50:07","modified_gmt":"2023-12-13T11:50:07","slug":"dainese-corso-absoluteshell-pro-jacke-gruen","status":"publish","type":"product","link":"https:\/\/moto-oprema.com\/de\/Artikel\/dainese-corso-absoluteshell-pro-jacke-gruen\/","title":{"rendered":"Dainese Corso Absoluteshell Pro Jacke Gr\u00fcn"},"content":{"rendered":"<p>Diese kurze Jacke mit wasserdichter Abs\u00f8luteshell\u2122 Pro-Membran ist leicht, funktionell und sch\u00fctzend. Ideal f\u00fcr Reisen in der Stadt unter allen Bedingungen. <\/p>\n<p>Die Corso Abs\u00f8luteshell\u2122 Pro Jacket ist eine kurze Jacke, die sich ideal f\u00fcr Reisen in der Stadt zu allen Jahreszeiten eignet. Dank der Synergie zwischen dem weichen und vollst\u00e4ndig dehnbaren Vier-Wege-Stretch-Gewebe und der laminierten, wasserdichten Absoluteshell\u2122 Pro-Membran stehen Leichtigkeit und Funktionalit\u00e4t an erster Stelle. F\u00fcr maximalen W\u00e4rmekomfort ist die wasserdichte Membran, die vor den h\u00e4rtesten klimatischen Bedingungen sch\u00fctzt, mit einer herausnehmbaren W\u00e4rmewattierung ausgestattet, die bei Bedarf auch als eigenst\u00e4ndiges Kleidungsst\u00fcck verwendet werden kann. Funktionell und modisch ist der Corso mit einer wasserdichten Kapuze mit faltbarem Metallkern ausgestattet (Uno Touch\u2122 Hood Peak Technologie), ein System, mit dem Sie mit einer Hand einen Schirm bilden k\u00f6nnen, um Ihr Gesicht vor dem Wetter zu sch\u00fctzen und die Kapuze um Ihr Gesicht herum zu schlie\u00dfen. Die beiden unteren wasserdichten Taschen sind mit einem Thermofutter ausgestattet, das Ihre H\u00e4nde angenehm w\u00e4rmt, wenn Sie sich ausziehen. Der Corso ist nach EN 17092 Klasse A zertifiziert und wird mit abnehmbaren Pro-Armor L1-zertifizierten Protektoren an Schultern und Ellbogen geliefert, die weich sind und \u00fcber gro\u00dfe Bel\u00fcftungs- und Einschubtaschen f\u00fcr G1- und G2-R\u00fcckenprotektoren verf\u00fcgen.    <\/p>\n<p>FEATURES<\/p>\n<p>1 Innentasche<br \/>\n1 Innentasche auf Thermofutter<br \/>\n1 Au\u00dfentasche<br \/>\n2 wasserdichte Au\u00dfentaschen<br \/>\n2 Taschen auf herausnehmbarem Futter<br \/>\nMotorradbekleidung, Zertifiziert nach EN 17092 A<br \/>\nFeste Kapuze mit reflektierendem Band, um sie bei Nichtgebrauch zu verdecken<br \/>\nR\u00fcckenschutztasche G1, G2<br \/>\n\u00c4rmeltasche<br \/>\nReflektierende Eins\u00e4tze<br \/>\nKapuze mit Uno Touch\u2122 System<\/p>\n<p>ERGONOMIE<\/p>\n<p>Einstellen des Bundes mit dem Lanyard<br \/>\nEinstellen an den Handgelenken<\/p>\n<p>ALLGEMEINE TECHNISCHE MERKMALE<\/p>\n<p>4-Wege-Stretch-Stoff<\/p>\n<p>HAUPTMATERIALIEN<\/p>\n<p>ABS\u00d8LUTESHELL\u2122 PRO laminierte Membrane<\/p>\n<p>SCHLAGLEISTUNG<\/p>\n<p>Abnehmbare Pro-Armor Ellbogenschoner, zertifiziert nach EN 1621.1<br \/>\nAbnehmbare Pro-Armor Schulterschoner, zertifiziert nach EN 1621.1<\/p>\n<p>TEMPERATUR<\/p>\n<p>Herausnehmbare W\u00e4rmematte<br \/>\n&#8211; kann separat verwendet werden.<\/p>\n<p>&nbsp;<\/p>\n","protected":false},"excerpt":{"rendered":"<p>Diese kurze Jacke mit wasserdichter Abs\u00f8luteshell\u2122 Pro-Membran ist leicht, funktionell und sch\u00fctzend. Ideal f\u00fcr Reisen in&#8230;<\/p>\n","protected":false},"featured_media":24903,"comment_status":"open","ping_status":"open","template":"","meta":{"_acf_changed":false},"brand":[2113],"gender":[],"product_brand":[],"product_cat":[1357,2045,2048],"product_tag":[2342,2185,2341],"class_list":{"0":"post-101946","1":"product","2":"type-product","3":"status-publish","4":"has-post-thumbnail","6":"brand-dainese-de","7":"product_cat-ausrustung-fur-motorradfahrer","8":"product_cat-jakne-de","9":"product_cat-textil-jacken","10":"product_tag-jacken","11":"product_tag-kleidung","12":"product_tag-textil","13":"pa_barva-grun","14":"pa_product-code-da16500003-006-de","15":"pa_product-id-44414-de","16":"pa_velikost-st-44-de","17":"pa_velikost-st-46-de","18":"pa_velikost-st-50-de","19":"pa_velikost-st-52-de","20":"pa_velikost-st-54-de","21":"pa_velikost-st-56-de","22":"pa_velikost-st-58-de","23":"pa_velikost-st-60-de","24":"pa_velikost-st-62-de","26":"first","27":"instock","28":"taxable","29":"shipping-taxable","30":"purchasable","31":"product-type-variable"},"acf":[],"_links":{"self":[{"href":"https:\/\/moto-oprema.com\/de\/wp-json\/wp\/v2\/product\/101946","targetHints":{"allow":["GET"]}}],"collection":[{"href":"https:\/\/moto-oprema.com\/de\/wp-json\/wp\/v2\/product"}],"about":[{"href":"https:\/\/moto-oprema.com\/de\/wp-json\/wp\/v2\/types\/product"}],"replies":[{"embeddable":true,"href":"https:\/\/moto-oprema.com\/de\/wp-json\/wp\/v2\/comments?post=101946"}],"wp:featuredmedia":[{"embeddable":true,"href":"https:\/\/moto-oprema.com\/de\/wp-json\/wp\/v2\/media\/24903"}],"wp:attachment":[{"href":"https:\/\/moto-oprema.com\/de\/wp-json\/wp\/v2\/media?parent=101946"}],"wp:term":[{"taxonomy":"brand","embeddable":true,"href":"https:\/\/moto-oprema.com\/de\/wp-json\/wp\/v2\/brand?post=101946"},{"taxonomy":"gender","embeddable":true,"href":"https:\/\/moto-oprema.com\/de\/wp-json\/wp\/v2\/gender?post=101946"},{"taxonomy":"product_brand","embeddable":true,"href":"https:\/\/moto-oprema.com\/de\/wp-json\/wp\/v2\/product_brand?post=101946"},{"taxonomy":"product_cat","embeddable":true,"href":"https:\/\/moto-oprema.com\/de\/wp-json\/wp\/v2\/product_cat?post=101946"},{"taxonomy":"product_tag","embeddable":true,"href":"https:\/\/moto-oprema.com\/de\/wp-json\/wp\/v2\/product_tag?post=101946"}],"curies":[{"name":"wp","href":"https:\/\/api.w.org\/{rel}","templated":true}]}}